{"version":"1.0","provider_name":"ISG - Institut f\u00fcr Sozialforschung und Gesellschaftspolitik GmbH","provider_url":"https:\/\/www.isg-institut.de\/en","author_name":"admin","author_url":"https:\/\/www.isg-institut.de\/en\/author\/admin\/","title":"Evaluation \u00f6ffentlich gef\u00f6rderter Besch\u00e4ftigung NRW - ISG - Institut f\u00fcr Sozialforschung und Gesellschaftspolitik GmbH","type":"rich","width":600,"height":338,"html":"<blockquote class=\"wp-embedded-content\" data-secret=\"OVZUZb1iCV\"><a href=\"https:\/\/www.isg-institut.de\/en\/evaluation-oeffentlich-gefoerderter-beschaeftigung-nrw\/\">Evaluation \u00f6ffentlich gef\u00f6rderter Besch\u00e4ftigung NRW<\/a><\/blockquote><iframe sandbox=\"allow-scripts\" security=\"restricted\" src=\"https:\/\/www.isg-institut.de\/en\/evaluation-oeffentlich-gefoerderter-beschaeftigung-nrw\/embed\/#?secret=OVZUZb1iCV\" width=\"600\" height=\"338\" title=\"&#8220;Evaluation \u00f6ffentlich gef\u00f6rderter Besch\u00e4ftigung NRW&#8221; &#8212; ISG - Institut f\u00fcr Sozialforschung und Gesellschaftspolitik GmbH\" data-secret=\"OVZUZb1iCV\" frameborder=\"0\" marginwidth=\"0\" marginheight=\"0\" scrolling=\"no\" class=\"wp-embedded-content\"><\/iframe><script type=\"text\/javascript\">\n\/* <![CDATA[ *\/\n\/*! This file is auto-generated *\/\n!function(d,l){\"use strict\";l.querySelector&&d.addEventListener&&\"undefined\"!=typeof URL&&(d.wp=d.wp||{},d.wp.receiveEmbedMessage||(d.wp.receiveEmbedMessage=function(e){var t=e.data;if((t||t.secret||t.message||t.value)&&!\/[^a-zA-Z0-9]\/.test(t.secret)){for(var s,r,n,a=l.querySelectorAll('iframe[data-secret=\"'+t.secret+'\"]'),o=l.querySelectorAll('blockquote[data-secret=\"'+t.secret+'\"]'),c=new RegExp(\"^https?:$\",\"i\"),i=0;i<o.length;i++)o[i].style.display=\"none\";for(i=0;i<a.length;i++)s=a[i],e.source===s.contentWindow&&(s.removeAttribute(\"style\"),\"height\"===t.message?(1e3<(r=parseInt(t.value,10))?r=1e3:~~r<200&&(r=200),s.height=r):\"link\"===t.message&&(r=new URL(s.getAttribute(\"src\")),n=new URL(t.value),c.test(n.protocol))&&n.host===r.host&&l.activeElement===s&&(d.top.location.href=t.value))}},d.addEventListener(\"message\",d.wp.receiveEmbedMessage,!1),l.addEventListener(\"DOMContentLoaded\",function(){for(var e,t,s=l.querySelectorAll(\"iframe.wp-embedded-content\"),r=0;r<s.length;r++)(t=(e=s[r]).getAttribute(\"data-secret\"))||(t=Math.random().toString(36).substring(2,12),e.src+=\"#?secret=\"+t,e.setAttribute(\"data-secret\",t)),e.contentWindow.postMessage({message:\"ready\",secret:t},\"*\")},!1)))}(window,document);\n\/* ]]> *\/\n<\/script>\n","description":"Im Zuge der Weiterentwicklung m\u00f6glicher Ans\u00e4tze \u00f6ffentlich gef\u00f6rderter Besch\u00e4ftigung unterst\u00fctzt das Ministerium f\u00fcr Arbeit, Integration und Soziales in Nordrhein-Westfalen (MAIS) eine Reihe von lokalen Modellprojekten aus Mitteln des ESF. Diese Projekte sollen neue Formen der Umsetzung \u00f6ffentlich gef\u00f6rderter Besch\u00e4ftigung sowie Instrumente zur Messung von Integrationsfortschritten unter den Gef\u00f6rderten erproben und ..."}